{"id":179,"date":"2023-02-19T01:59:47","date_gmt":"2023-02-19T00:59:47","guid":{"rendered":"https:\/\/ie.uek.krakow.pl\/ke\/?post_type=pracownicy&#038;p=179"},"modified":"2026-01-07T12:10:38","modified_gmt":"2026-01-07T11:10:38","slug":"pracownik-1","status":"publish","type":"pracownicy","link":"https:\/\/ipsf.uek.krakow.pl\/ksp\/pracownicy\/pracownik-1\/","title":{"rendered":"Dr hab. Robert Jakimowicz, prof. UEK"},"content":{"rendered":"\t\t<div data-elementor-type=\"wp-post\" data-elementor-id=\"179\" class=\"elementor elementor-179\" data-elementor-post-type=\"pracownicy\">\n\t\t\t\t\t\t<section data-particle_enable=\"false\" data-particle-mobile-disabled=\"false\" class=\"elementor-section elementor-top-section elementor-element elementor-element-3b9614d elementor-section-boxed elementor-section-height-default elementor-section-height-default\" data-id=\"3b9614d\" data-element_type=\"section\" data-settings=\"{&quot;jet_parallax_layout_list&quot;:[{&quot;_id&quot;:&quot;80d470e&quot;,&quot;jet_parallax_layout_image&quot;:{&quot;url&quot;:&quot;&quot;,&quot;id&quot;:&quot;&quot;,&quot;size&quot;:&quot;&quot;},&quot;jet_parallax_layout_image_laptop&quot;:{&quot;url&quot;:&quot;&quot;,&quot;id&quot;:&quot;&quot;,&quot;size&quot;:&quot;&quot;},&quot;jet_parallax_layout_image_tablet_extra&quot;:{&quot;url&quot;:&quot;&quot;,&quot;id&quot;:&quot;&quot;,&quot;size&quot;:&quot;&quot;},&quot;jet_parallax_layout_image_tablet&quot;:{&quot;url&quot;:&quot;&quot;,&quot;id&quot;:&quot;&quot;,&quot;size&quot;:&quot;&quot;},&quot;jet_parallax_layout_image_mobile_extra&quot;:{&quot;url&quot;:&quot;&quot;,&quot;id&quot;:&quot;&quot;,&quot;size&quot;:&quot;&quot;},&quot;jet_parallax_layout_image_mobile&quot;:{&quot;url&quot;:&quot;&quot;,&quot;id&quot;:&quot;&quot;,&quot;size&quot;:&quot;&quot;},&quot;jet_parallax_layout_speed&quot;:{&quot;unit&quot;:&quot;%&quot;,&quot;size&quot;:50,&quot;sizes&quot;:[]},&quot;jet_parallax_layout_type&quot;:&quot;scroll&quot;,&quot;jet_parallax_layout_direction&quot;:null,&quot;jet_parallax_layout_fx_direction&quot;:null,&quot;jet_parallax_layout_z_index&quot;:&quot;&quot;,&quot;jet_parallax_layout_bg_x&quot;:50,&quot;jet_parallax_layout_bg_x_laptop&quot;:&quot;&quot;,&quot;jet_parallax_layout_bg_x_tablet_extra&quot;:&quot;&quot;,&quot;jet_parallax_layout_bg_x_tablet&quot;:&quot;&quot;,&quot;jet_parallax_layout_bg_x_mobile_extra&quot;:&quot;&quot;,&quot;jet_parallax_layout_bg_x_mobile&quot;:&quot;&quot;,&quot;jet_parallax_layout_bg_y&quot;:50,&quot;jet_parallax_layout_bg_y_laptop&quot;:&quot;&quot;,&quot;jet_parallax_layout_bg_y_tablet_extra&quot;:&quot;&quot;,&quot;jet_parallax_layout_bg_y_tablet&quot;:&quot;&quot;,&quot;jet_parallax_layout_bg_y_mobile_extra&quot;:&quot;&quot;,&quot;jet_parallax_layout_bg_y_mobile&quot;:&quot;&quot;,&quot;jet_parallax_layout_bg_size&quot;:&quot;auto&quot;,&quot;jet_parallax_layout_bg_size_laptop&quot;:&quot;&quot;,&quot;jet_parallax_layout_bg_size_tablet_extra&quot;:&quot;&quot;,&quot;jet_parallax_layout_bg_size_tablet&quot;:&quot;&quot;,&quot;jet_parallax_layout_bg_size_mobile_extra&quot;:&quot;&quot;,&quot;jet_parallax_layout_bg_size_mobile&quot;:&quot;&quot;,&quot;jet_parallax_layout_animation_prop&quot;:&quot;transform&quot;,&quot;jet_parallax_layout_on&quot;:[&quot;desktop&quot;,&quot;tablet&quot;]}]}\">\n\t\t\t\t\t\t<div class=\"elementor-container elementor-column-gap-default\">\n\t\t\t\t\t<div class=\"elementor-column elementor-col-33 elementor-top-column elementor-element elementor-element-7901abea\" data-id=\"7901abea\" data-element_type=\"column\">\n\t\t\t<div class=\"elementor-widget-wrap elementor-element-populated\">\n\t\t\t\t\t\t<div class=\"elementor-element elementor-element-525ca7f7 elementor-mobile-align-center elementor-icon-list--layout-traditional elementor-list-item-link-full_width elementor-widget elementor-widget-icon-list\" data-id=\"525ca7f7\" data-element_type=\"widget\" data-widget_type=\"icon-list.default\">\n\t\t\t\t<div class=\"elementor-widget-container\">\n\t\t\t\t\t\t\t<ul class=\"elementor-icon-list-items\">\n\t\t\t\t\t\t\t<li class=\"elementor-icon-list-item\">\n\t\t\t\t\t\t\t\t\t\t\t<a href=\"mailto:jakimowr@uek.krakow.pl\">\n\n\t\t\t\t\t\t\t\t\t\t\t\t<span class=\"elementor-icon-list-icon\">\n\t\t\t\t\t\t\t<i aria-hidden=\"true\" class=\"far fa-envelope\"><\/i>\t\t\t\t\t\t<\/span>\n\t\t\t\t\t\t\t\t\t\t<span class=\"elementor-icon-list-text\">jakimowr@uek.krakow.pl<\/span>\n\t\t\t\t\t\t\t\t\t\t\t<\/a>\n\t\t\t\t\t\t\t\t\t<\/li>\n\t\t\t\t\t\t\t\t<li class=\"elementor-icon-list-item\">\n\t\t\t\t\t\t\t\t\t\t\t<a href=\"tel:(+48)%2012%20293%2052%2098\">\n\n\t\t\t\t\t\t\t\t\t\t\t\t<span class=\"elementor-icon-list-icon\">\n\t\t\t\t\t\t\t<i aria-hidden=\"true\" class=\"fas fa-phone-alt\"><\/i>\t\t\t\t\t\t<\/span>\n\t\t\t\t\t\t\t\t\t\t<span class=\"elementor-icon-list-text\">(+48) 12 293 52 98<\/span>\n\t\t\t\t\t\t\t\t\t\t\t<\/a>\n\t\t\t\t\t\t\t\t\t<\/li>\n\t\t\t\t\t\t\t\t<li class=\"elementor-icon-list-item\">\n\t\t\t\t\t\t\t\t\t\t\t<a href=\"https:\/\/e-uczelnia.uek.krakow.pl\/course\/view.php?id=384\" target=\"_blank\">\n\n\t\t\t\t\t\t\t\t\t\t\t\t<span class=\"elementor-icon-list-icon\">\n\t\t\t\t\t\t\t<i aria-hidden=\"true\" class=\"fas fa-comments\"><\/i>\t\t\t\t\t\t<\/span>\n\t\t\t\t\t\t\t\t\t\t<span class=\"elementor-icon-list-text\">Sprawd\u017a konsultacje<\/span>\n\t\t\t\t\t\t\t\t\t\t\t<\/a>\n\t\t\t\t\t\t\t\t\t<\/li>\n\t\t\t\t\t\t\t\t<li class=\"elementor-icon-list-item\">\n\t\t\t\t\t\t\t\t\t\t\t<a href=\"https:\/\/www.google.com\/maps\/place\/UEK+-+pawilon+B,+Rakowicka,+30-001+Krak%C3%B3w\/@50.069733,19.9536889,16.48z\/data=!4m6!3m5!1s0x47165b192bad552f:0xbc6f9b9aa477fe9c!8m2!3d50.0689418!4d19.9554845!16s%2Fg%2F1hhjxl0wd?entry=ttu\">\n\n\t\t\t\t\t\t\t\t\t\t\t\t<span class=\"elementor-icon-list-icon\">\n\t\t\t\t\t\t\t<i aria-hidden=\"true\" class=\"fas fa-map-marker-alt\"><\/i>\t\t\t\t\t\t<\/span>\n\t\t\t\t\t\t\t\t\t\t<span class=\"elementor-icon-list-text\">Pawilon B, pok. 472<\/span>\n\t\t\t\t\t\t\t\t\t\t\t<\/a>\n\t\t\t\t\t\t\t\t\t<\/li>\n\t\t\t\t\t\t<\/ul>\n\t\t\t\t\t\t<\/div>\n\t\t\t\t<\/div>\n\t\t\t\t<div class=\"elementor-element elementor-element-20d84377 elementor-widget elementor-widget-spacer\" data-id=\"20d84377\" data-element_type=\"widget\" data-widget_type=\"spacer.default\">\n\t\t\t\t<div class=\"elementor-widget-container\">\n\t\t\t\t\t\t\t<div class=\"elementor-spacer\">\n\t\t\t<div class=\"elementor-spacer-inner\"><\/div>\n\t\t<\/div>\n\t\t\t\t\t\t<\/div>\n\t\t\t\t<\/div>\n\t\t\t\t<div class=\"elementor-element elementor-element-40095c65 elementor-position-left elementor-vertical-align-top elementor-widget elementor-widget-image-box\" data-id=\"40095c65\" data-element_type=\"widget\" data-widget_type=\"image-box.default\">\n\t\t\t\t<div class=\"elementor-widget-container\">\n\t\t\t\t\t<div class=\"elementor-image-box-wrapper\"><figure class=\"elementor-image-box-img\"><a href=\"https:\/\/bazybg.uek.krakow.pl\/dorobek\/wyszukiwanie\/wyszukaj?termin=&#038;opcja0=and&#038;autor=Jakimowicz+Robert&#038;opcja1=and&#038;tytul=&#038;opcja2=and&#038;zrodlo=&#038;opcja3=and&#038;klucz=&#038;opcja4=and&#038;jednostka=all&#038;typ=all&#038;od=all&#038;do=all\" tabindex=\"-1\"><img fetchpriority=\"high\" decoding=\"async\" width=\"420\" height=\"445\" src=\"https:\/\/ipsf.uek.krakow.pl\/ksp\/wp-content\/uploads\/sites\/4\/2023\/02\/publikacje-dorobek.png\" class=\"elementor-animation-pulse attachment-full size-full wp-image-186\" alt=\"\" srcset=\"https:\/\/ipsf.uek.krakow.pl\/ksp\/wp-content\/uploads\/sites\/4\/2023\/02\/publikacje-dorobek.png 420w, https:\/\/ipsf.uek.krakow.pl\/ksp\/wp-content\/uploads\/sites\/4\/2023\/02\/publikacje-dorobek-283x300.png 283w\" sizes=\"(max-width: 420px) 100vw, 420px\" \/><\/a><\/figure><div class=\"elementor-image-box-content\"><h3 class=\"elementor-image-box-title\"><a href=\"https:\/\/bazybg.uek.krakow.pl\/dorobek\/wyszukiwanie\/wyszukaj?termin=&#038;opcja0=and&#038;autor=Jakimowicz+Robert&#038;opcja1=and&#038;tytul=&#038;opcja2=and&#038;zrodlo=&#038;opcja3=and&#038;klucz=&#038;opcja4=and&#038;jednostka=all&#038;typ=all&#038;od=all&#038;do=all\">Publikacje w bazie \u201eDorobek\u201d  \u00bb<\/a><\/h3><\/div><\/div>\t\t\t\t<\/div>\n\t\t\t\t<\/div>\n\t\t\t\t<div class=\"elementor-element elementor-element-6b18df31 elementor-position-left elementor-vertical-align-top elementor-widget elementor-widget-image-box\" data-id=\"6b18df31\" data-element_type=\"widget\" data-widget_type=\"image-box.default\">\n\t\t\t\t<div class=\"elementor-widget-container\">\n\t\t\t\t\t<div class=\"elementor-image-box-wrapper\"><figure class=\"elementor-image-box-img\"><a href=\"https:\/\/orcid.org\/0000-0002-7330-8028\" tabindex=\"-1\"><img decoding=\"async\" width=\"100\" height=\"100\" src=\"https:\/\/ipsf.uek.krakow.pl\/ksp\/wp-content\/uploads\/sites\/4\/2023\/02\/ORCID-icon.png\" class=\"elementor-animation-pulse attachment-full size-full wp-image-187\" alt=\"\" srcset=\"https:\/\/ipsf.uek.krakow.pl\/ksp\/wp-content\/uploads\/sites\/4\/2023\/02\/ORCID-icon.png 100w, https:\/\/ipsf.uek.krakow.pl\/ksp\/wp-content\/uploads\/sites\/4\/2023\/02\/ORCID-icon-75x75.png 75w\" sizes=\"(max-width: 100px) 100vw, 100px\" \/><\/a><\/figure><div class=\"elementor-image-box-content\"><h3 class=\"elementor-image-box-title\"><a href=\"https:\/\/orcid.org\/0000-0002-7330-8028\">ORCID \u00bb<\/a><\/h3><\/div><\/div>\t\t\t\t<\/div>\n\t\t\t\t<\/div>\n\t\t\t\t\t<\/div>\n\t\t<\/div>\n\t\t\t\t<div class=\"elementor-column elementor-col-33 elementor-top-column elementor-element elementor-element-5910100c\" data-id=\"5910100c\" data-element_type=\"column\">\n\t\t\t<div class=\"elementor-widget-wrap\">\n\t\t\t\t\t\t\t<\/div>\n\t\t<\/div>\n\t\t\t\t<div class=\"elementor-column elementor-col-33 elementor-top-column elementor-element elementor-element-c9b68cd\" data-id=\"c9b68cd\" data-element_type=\"column\">\n\t\t\t<div class=\"elementor-widget-wrap elementor-element-populated\">\n\t\t\t\t\t\t<div class=\"elementor-element elementor-element-73235f3d elementor-widget elementor-widget-text-editor\" data-id=\"73235f3d\" data-element_type=\"widget\" data-widget_type=\"text-editor.default\">\n\t\t\t\t<div class=\"elementor-widget-container\">\n\t\t\t\t\t\t\t\t\t<p>Z Uniwersytetem Ekonomicznym w Krakowie zwi\u0105zany od lutego 1985 roku. Piastowa\u0142 stanowisko prodziekana Wydzia\u0142u Ekonomii i Stosunk\u00f3w Mi\u0119dzynarodowych w latach 2008-2016. Obecnie \u2013 od pa\u017adziernika roku 2019 \u2013 stoi na czele Katedry Studi\u00f3w Politycznych.<\/p><p>Jego zainteresowania naukowe oscyluj\u0105 wok\u00f3\u0142 kwestii wsp\u00f3\u0142czesnych stosunk\u00f3w mi\u0119dzynarodowych w regionie Azji i Pacyfiku oraz polskiej polityki zagranicznej, kt\u00f3re mo\u017cna uj\u0105\u0107 w nast\u0119puj\u0105cych punktach:<\/p><ol><li style=\"list-style-type: none\"><ol><li>Problemy polityczne i gospodarcze Japonii na prze\u0142omie XX i XXI,<\/li><li>Spory terytorialne Japonii \u2013 geneza, przebieg, stan wsp\u00f3\u0142czesny,<\/li><li>Problemy polityczne i gospodarcze w stosunkach japo\u0144sko \u2013 chi\u0144skich,<\/li><li>Stosunki japo\u0144sko-ameryka\u0144skie (okupacja i okres pookupacyjny),<\/li><li>Chi\u0144skie reformy po 1978 r. i ich konsekwencje mi\u0119dzynarodowe,<\/li><li>Przy\u0142\u0105czenie Hong Kongu i Macau do ChRL,<\/li><li>Problem Tajwanu i jego wp\u0142yw na stosunki mi\u0119dzynarodowe w regionie Azji i Pacyfiku,<\/li><li>Prawa cz\u0142owieka w Chinach z punktu widzenia Zachodu i Wschodu,<\/li><li>Stany Zjednoczone, ChRL, Japonia i Rosja wobec problemu zjednoczenia P\u00f3\u0142wyspu Korea\u0144skiego,<\/li><li>Zaanga\u017cowanie USA w Wietnamie oraz wsp\u00f3\u0142czesny stan stosunk\u00f3w ameryka\u0144sko-wietnamskich,<\/li><li>Rola sojuszy wojskowych USA w regionie Azji i Pacyfiku,<\/li><li>Rosja jako drugorz\u0119dne mocarstwo,<\/li><li>Rola ASEAN, Regionalnego Forum ASEAN-ARF i ASEM w regionie, w kontek\u015bcie wsp\u00f3\u0142pracy gospodarczej i bezpiecze\u0144stwa,<\/li><li>Instytucje ekonomiczne w regionie Azji i Pacyfiku w ramach trend\u00f3w wsp\u00f3\u0142czesnej globalizacji<\/li><li>G\u0142\u00f3wne cele polskiej polityki zagranicznej po wyborach czerwcowych z 1989r.,<\/li><li>Stosunki polsko-rosyjskie od 1992r.,<\/li><li>Wybrane aspekty polityczne i gospodarcze stosunk\u00f3w polsko-ukrai\u0144skich od 1992r.,<\/li><li>Polska polityka zagraniczna wobec Bia\u0142orusi od 1996r.,<\/li><li>Problemy i perspektywy rozwoju stosunk\u00f3w z Litw\u0105, \u0141otw\u0105 i Estoni\u0105.<\/li><\/ol><\/li><\/ol>\t\t\t\t\t\t\t\t<\/div>\n\t\t\t\t<\/div>\n\t\t\t\t\t<\/div>\n\t\t<\/div>\n\t\t\t\t\t<\/div>\n\t\t<\/section>\n\t\t\t\t<\/div>\n\t\t","protected":false},"excerpt":{"rendered":"<p>jakimowr@uek.krakow.pl (+48) 12 293 52 98 Sprawd\u017a konsultacje Pawilon B, pok. 472 \/*! elementor &#8211; v3.13.3 &#8211; 28-05-2023 *\/ .elementor-column .elementor-spacer-inner{height:var(&#8211;spacer-size)}.e-con{&#8211;container-widget-width:100%}.e-con-inner&gt;.elementor-widget-spacer,.e-con&gt;.elementor-widget-spacer{width:var(&#8211;container-widget-width,var(&#8211;spacer-size));&#8211;align-self:var(&#8211;container-widget-align-self,initial);&#8211;flex-shrink:0}.e-con-inner&gt;.elementor-widget-spacer&gt;.elementor-widget-container,.e-con-inner&gt;.elementor-widget-spacer&gt;.elementor-widget-container&gt;.elementor-spacer,.e-con&gt;.elementor-widget-spacer&gt;.elementor-widget-container,.e-con&gt;.elementor-widget-spacer&gt;.elementor-widget-container&gt;.elementor-spacer{height:100%}.e-con-inner&gt;.elementor-widget-spacer&gt;.elementor-widget-container&gt;.elementor-spacer&gt;.elementor-spacer-inner,.e-con&gt;.elementor-widget-spacer&gt;.elementor-widget-container&gt;.elementor-spacer&gt;.elementor-spacer-inner{height:var(&#8211;container-widget-height,var(&#8211;spacer-size))} .elementor-widget-image-box .elementor-image-box-content{width:100%}@media (min-width:768px){.elementor-widget-image-box.elementor-position-left .elementor-image-box-wrapper,.elementor-widget-image-box.elementor-position-right .elementor-image-box-wrapper{display:flex}.elementor-widget-image-box.elementor-position-right .elementor-image-box-wrapper{text-align:right;flex-direction:row-reverse}.elementor-widget-image-box.elementor-position-left .elementor-image-box-wrapper{text-align:left;flex-direction:row}.elementor-widget-image-box.elementor-position-top .elementor-image-box-img{margin:auto}.elementor-widget-image-box.elementor-vertical-align-top .elementor-image-box-wrapper{align-items:flex-start}.elementor-widget-image-box.elementor-vertical-align-middle .elementor-image-box-wrapper{align-items:center}.elementor-widget-image-box.elementor-vertical-align-bottom .elementor-image-box-wrapper{align-items:flex-end}}@media (max-width:767px){.elementor-widget-image-box .elementor-image-box-img{margin-left:auto!important;margin-right:auto!important;margin-bottom:15px}}.elementor-widget-image-box .elementor-image-box-img{display:inline-block}.elementor-widget-image-box .elementor-image-box-title a{color:inherit}.elementor-widget-image-box .elementor-image-box-wrapper{text-align:center}.elementor-widget-image-box .elementor-image-box-description{margin:0} Publikacje w bazie \u201eDorobek\u201d \u00bb ORCID \u00bb Z Uniwersytetem Ekonomicznym w Krakowie zwi\u0105zany od lutego 1985 roku. Piastowa\u0142 stanowisko prodziekana Wydzia\u0142u Ekonomii i Stosunk\u00f3w Mi\u0119dzynarodowych w latach 2008-2016. Obecnie \u2013 od pa\u017adziernika roku 2019 \u2013 stoi na czele Katedry Studi\u00f3w Politycznych. Jego zainteresowania naukowe oscyluj\u0105 wok\u00f3\u0142 kwestii wsp\u00f3\u0142czesnych stosunk\u00f3w mi\u0119dzynarodowych w regionie Azji i Pacyfiku oraz polskiej polityki zagranicznej, kt\u00f3re mo\u017cna uj\u0105\u0107 w nast\u0119puj\u0105cych punktach: Problemy polityczne i gospodarcze Japonii na prze\u0142omie XX i XXI, Spory terytorialne Japonii \u2013 geneza, przebieg, stan wsp\u00f3\u0142czesny, Problemy polityczne i gospodarcze w stosunkach japo\u0144sko \u2013 chi\u0144skich, Stosunki japo\u0144sko-ameryka\u0144skie (okupacja i okres pookupacyjny), Chi\u0144skie reformy po 1978 r. i ich konsekwencje mi\u0119dzynarodowe, Przy\u0142\u0105czenie Hong Kongu i Macau do ChRL, Problem Tajwanu i jego wp\u0142yw na stosunki mi\u0119dzynarodowe w regionie Azji i Pacyfiku, Prawa cz\u0142owieka w Chinach z punktu widzenia Zachodu i Wschodu, Stany Zjednoczone, ChRL, Japonia i Rosja wobec problemu zjednoczenia P\u00f3\u0142wyspu Korea\u0144skiego, Zaanga\u017cowanie USA w Wietnamie oraz wsp\u00f3\u0142czesny stan stosunk\u00f3w ameryka\u0144sko-wietnamskich, Rola sojuszy wojskowych USA w regionie Azji i Pacyfiku, Rosja jako drugorz\u0119dne mocarstwo, Rola ASEAN, Regionalnego Forum ASEAN-ARF i ASEM w regionie, w kontek\u015bcie wsp\u00f3\u0142pracy gospodarczej i bezpiecze\u0144stwa, Instytucje ekonomiczne w regionie Azji i Pacyfiku w ramach trend\u00f3w wsp\u00f3\u0142czesnej globalizacji G\u0142\u00f3wne cele polskiej polityki zagranicznej po wyborach czerwcowych z 1989r., Stosunki polsko-rosyjskie od 1992r., Wybrane aspekty polityczne i gospodarcze stosunk\u00f3w polsko-ukrai\u0144skich od 1992r., Polska polityka zagraniczna wobec Bia\u0142orusi od 1996r., Problemy i perspektywy rozwoju stosunk\u00f3w z Litw\u0105, \u0141otw\u0105 i Estoni\u0105.<\/p>\n","protected":false},"author":2,"featured_media":1790,"parent":0,"menu_order":0,"template":"","format":"standard","meta":[],"tags":[19],"kategoria-pracownicy":[28],"class_list":["post-179","pracownicy","type-pracownicy","status-publish","format-standard","has-post-thumbnail","hentry","tag-kierownik-katedry","kategoria-pracownicy-kierownik-katedry-pl"],"_links":{"self":[{"href":"https:\/\/ipsf.uek.krakow.pl\/ksp\/wp-json\/wp\/v2\/pracownicy\/179","targetHints":{"allow":["GET"]}}],"collection":[{"href":"https:\/\/ipsf.uek.krakow.pl\/ksp\/wp-json\/wp\/v2\/pracownicy"}],"about":[{"href":"https:\/\/ipsf.uek.krakow.pl\/ksp\/wp-json\/wp\/v2\/types\/pracownicy"}],"author":[{"embeddable":true,"href":"https:\/\/ipsf.uek.krakow.pl\/ksp\/wp-json\/wp\/v2\/users\/2"}],"version-history":[{"count":26,"href":"https:\/\/ipsf.uek.krakow.pl\/ksp\/wp-json\/wp\/v2\/pracownicy\/179\/revisions"}],"predecessor-version":[{"id":2033,"href":"https:\/\/ipsf.uek.krakow.pl\/ksp\/wp-json\/wp\/v2\/pracownicy\/179\/revisions\/2033"}],"wp:featuredmedia":[{"embeddable":true,"href":"https:\/\/ipsf.uek.krakow.pl\/ksp\/wp-json\/wp\/v2\/media\/1790"}],"wp:attachment":[{"href":"https:\/\/ipsf.uek.krakow.pl\/ksp\/wp-json\/wp\/v2\/media?parent=179"}],"wp:term":[{"taxonomy":"post_tag","embeddable":true,"href":"https:\/\/ipsf.uek.krakow.pl\/ksp\/wp-json\/wp\/v2\/tags?post=179"},{"taxonomy":"kategoria-pracownicy","embeddable":true,"href":"https:\/\/ipsf.uek.krakow.pl\/ksp\/wp-json\/wp\/v2\/kategoria-pracownicy?post=179"}],"curies":[{"name":"wp","href":"https:\/\/api.w.org\/{rel}","templated":true}]}}