{"id":88,"date":"2023-02-19T00:19:19","date_gmt":"2023-02-18T23:19:19","guid":{"rendered":"https:\/\/ie.uek.krakow.pl\/ke\/?page_id=88"},"modified":"2023-06-13T00:51:16","modified_gmt":"2023-06-12T22:51:16","slug":"o-katedrze","status":"publish","type":"page","link":"https:\/\/ipsf.uek.krakow.pl\/ksp\/o-katedrze\/","title":{"rendered":"O Katedrze"},"content":{"rendered":"\t\t<div data-elementor-type=\"wp-page\" data-elementor-id=\"88\" class=\"elementor elementor-88\" data-elementor-post-type=\"page\">\n\t\t\t\t\t\t<section data-particle_enable=\"false\" data-particle-mobile-disabled=\"false\" class=\"elementor-section elementor-top-section elementor-element elementor-element-4ca67fb elementor-section-boxed elementor-section-height-default elementor-section-height-default\" data-id=\"4ca67fb\" data-element_type=\"section\" data-settings=\"{&quot;jet_parallax_layout_list&quot;:[]}\">\n\t\t\t\t\t\t<div class=\"elementor-container elementor-column-gap-default\">\n\t\t\t\t\t<div class=\"elementor-column elementor-col-100 elementor-top-column elementor-element elementor-element-22e0d310\" data-id=\"22e0d310\" data-element_type=\"column\">\n\t\t\t<div class=\"elementor-widget-wrap elementor-element-populated\">\n\t\t\t\t\t\t<div class=\"elementor-element elementor-element-7c047738 elementor-widget elementor-widget-jet-headline\" data-id=\"7c047738\" data-element_type=\"widget\" data-widget_type=\"jet-headline.default\">\n\t\t\t\t<div class=\"elementor-widget-container\">\n\t\t\t\t\t<h2 class=\"jet-headline jet-headline--direction-horizontal\"><span class=\"jet-headline__part jet-headline__first\"><span class=\"jet-headline__label\">Katedra Studi\u00f3w politycznych<\/span><\/span><span class=\"jet-headline__space\">&nbsp;<\/span><\/h2>\t\t\t\t<\/div>\n\t\t\t\t<\/div>\n\t\t\t\t<div class=\"elementor-element elementor-element-27706e0c elementor-widget-divider--view-line elementor-invisible elementor-widget elementor-widget-divider\" data-id=\"27706e0c\" data-element_type=\"widget\" data-settings=\"{&quot;_animation&quot;:&quot;fadeInLeft&quot;}\" data-widget_type=\"divider.default\">\n\t\t\t\t<div class=\"elementor-widget-container\">\n\t\t\t\t\t\t\t<div class=\"elementor-divider\">\n\t\t\t<span class=\"elementor-divider-separator\">\n\t\t\t\t\t\t<\/span>\n\t\t<\/div>\n\t\t\t\t\t\t<\/div>\n\t\t\t\t<\/div>\n\t\t\t\t<div class=\"elementor-element elementor-element-64fa2182 elementor-widget elementor-widget-text-editor\" data-id=\"64fa2182\" data-element_type=\"widget\" data-widget_type=\"text-editor.default\">\n\t\t\t\t<div class=\"elementor-widget-container\">\n\t\t\t\t\t\t\t\t\t<blockquote><p>Katedra Studi\u00f3w Politycznych UEK ma bardzo bogat\u0105, 50-letni\u0105 tradycj\u0119. Stanowi ona dzi\u015b samodzieln\u0105 jednostk\u0119 naukowo-dydaktyczn\u0105 Uniwersytetu Ekonomicznego w Krakowie umiejscowion\u0105 w strukturze Kolegium Gospodarki i Administracji Publicznej. Cho\u0107 przedmioty zwi\u0105zane z nauk\u0105 o polityce wyk\u0142adano w \u00f3wczesnym Wy\u017cszym Studium Handlowym (a od 1938 roku \u2013 w Akademii Handlowej) ju\u017c w okresie Dwudziestolecia Mi\u0119dzywojennego, na rozw\u00f3j jednostki naukowo-dydaktycznej zajmuj\u0105cej si\u0119 t\u0105 problematyk\u0105 trzeba by\u0142o jeszcze wiele lat zaczeka\u0107. Geneza dzisiejszej Katedry Nauk Politycznych si\u0119ga ko\u0144ca lat 60-tych XX w., kiedy to w 1969 r. w ramach reorganizacji szkolnictwa wy\u017cszego powo\u0142ano w Wy\u017cszej Szkole Ekonomicznej w Krakowie Mi\u0119dzywydzia\u0142owe Studium Nauk Politycznych. Wskutek r\u00f3\u017cnego rodzaju przekszta\u0142ce\u0144 strukturalnych i organizacyjnych w ramach uczelni, a tak\u017ce zmian koncepcji usytuowania dydaktyki nauk politycznych w planach studi\u00f3w ekonomicznych, nazwa i status jednostki kilkakrotnie ulega\u0142y zmianom. W latach 1969-1978 by\u0142o to Mi\u0119dzywydzia\u0142owe Studium Nauk Politycznych, nast\u0119pnie Katedra Nauk Politycznych (1978-1983), Studium Nauk Politycznych (1983-1992) oraz Samodzielny Zak\u0142ad Nauk Politycznych (1992-1994). Od 1994 r. do 2019 r. nieprzerwanie funkcjonowa\u0142a jako Katedra Nauk Politycznych, natomiast od 1 pa\u017adziernika 2019 r. zmieni\u0142a nazw\u0119 na Katedra Studi\u00f3w Politycznych.<\/p><p>Patrz\u0105c na te kilkadziesi\u0105t lat historii Katedry warto podkre\u015bli\u0107, i\u017c kierowa\u0142y ni\u0105 tak znakomite postacie polskiej nauki jak doc. dr Jerzy Szafruga (w latach 1969-1972), prof. zw. dr hab. Erhard Cziomer (1972-1983), prof. nadzw. AE dr hab. Jerzy Indraszkiewicz (1983-1996), profesor nadzw. AE dr hab. Kazimierz Urban (1996-2006), prof. dr hab. Jerzy Korna\u015b (2006-2019) oraz prof. UEK dr hab. Robert Jakimowicz (od 1 X 2019). W\u015br\u00f3d jej pracownik\u00f3w znale\u017ali si\u0119 na przestrzeni tych lat liczni historycy, socjologowie, prawnicy, czy ekonomi\u015bci, by wspomnie\u0107 cho\u0107by prof. zw. dra hab. Jerzego Hausnera \u2013 dzi\u015b Kierownika Katedry Gospodarki i Administracji Publicznej UEK. Od pocz\u0105tku dzia\u0142alno\u015bci Katedry Nauk Politycznych dwunastu jej pracownik\u00f3w uzyska\u0142o tytu\u0142 naukowy doktora, siedmiu \u2013 doktora habilitowanego, i r\u00f3wnie\u017c sze\u015bciu \u2013 profesora nadzwyczajnego.<\/p><p>Spectrum temat\u00f3w podejmowanych przez pracownik\u00f3w w ramach bada\u0144 naukowych by\u0142o zawsze bardzo szerokie \u2013 od spraw mi\u0119dzynarodowych pocz\u0105wszy, poprzez zagadnienia zwi\u0105zane z problematyk\u0105 socjologiczn\u0105, wyznaniow\u0105 i religijn\u0105 oraz my\u015bl\u0105 polityczn\u0105, na kwestiach dotycz\u0105cych przekszta\u0142ce\u0144 ustrojowych w Polsce i innych krajach postsocjalistycznych i relacji mi\u0119dzy polityk\u0105 a gospodark\u0105 sko\u0144czywszy. Specjalizacja badawcza poszczeg\u00f3lnych pracownik\u00f3w zwi\u0105zana by\u0142a przewa\u017cnie z podejmowan\u0105 przez nich tematyk\u0105 rozpraw doktorskich czy habilitacyjnych. W\u015br\u00f3d instytucji, b\u0105d\u017a o\u015brodk\u00f3w naukowych, z kt\u00f3rymi zawi\u0105zywano w ramach Katedry wsp\u00f3\u0142prac\u0119 wymieni\u0107 mo\u017cna mi\u0119dzy innymi Polski Instytut Spraw Mi\u0119dzynarodowych, Polskie Towarzystwo Ekonomiczne, Polskie Towarzystwo Religioznawcze, Polskie Towarzystwo Nauk Politycznych, czy Fundacj\u0119 im. Friedricha Eberta.<\/p><\/blockquote>\t\t\t\t\t\t\t\t<\/div>\n\t\t\t\t<\/div>\n\t\t\t\t<div class=\"elementor-element elementor-element-7c7342c elementor-widget elementor-widget-image\" data-id=\"7c7342c\" data-element_type=\"widget\" data-widget_type=\"image.default\">\n\t\t\t\t<div class=\"elementor-widget-container\">\n\t\t\t\t\t\t\t\t\t\t\t\t\t\t\t<img decoding=\"async\" src=\"https:\/\/ie.uek.krakow.pl\/ke\/wp-content\/uploads\/sites\/3\/2023\/02\/placeholder-1.png\" title=\"\" alt=\"\" loading=\"lazy\" \/>\t\t\t\t\t\t\t\t\t\t\t\t\t\t\t<\/div>\n\t\t\t\t<\/div>\n\t\t\t\t\t<\/div>\n\t\t<\/div>\n\t\t\t\t\t<\/div>\n\t\t<\/section>\n\t\t\t\t<section data-particle_enable=\"false\" data-particle-mobile-disabled=\"false\" class=\"elementor-section elementor-top-section elementor-element elementor-element-ec4625a elementor-section-boxed elementor-section-height-default elementor-section-height-default\" data-id=\"ec4625a\" data-element_type=\"section\" data-settings=\"{&quot;jet_parallax_layout_list&quot;:[]}\">\n\t\t\t\t\t\t<div class=\"elementor-container elementor-column-gap-default\">\n\t\t\t\t\t<div class=\"elementor-column elementor-col-100 elementor-top-column elementor-element elementor-element-011128e\" data-id=\"011128e\" data-element_type=\"column\">\n\t\t\t<div class=\"elementor-widget-wrap elementor-element-populated\">\n\t\t\t\t\t\t<div class=\"elementor-element elementor-element-3e862b8 elementor-widget elementor-widget-image\" data-id=\"3e862b8\" data-element_type=\"widget\" data-widget_type=\"image.default\">\n\t\t\t\t<div class=\"elementor-widget-container\">\n\t\t\t\t\t\t\t\t\t\t\t\t\t\t\t<img decoding=\"async\" width=\"300\" height=\"108\" src=\"https:\/\/ipsf.uek.krakow.pl\/ksp\/wp-content\/uploads\/sites\/4\/2023\/06\/SPa-300x108.jpg\" class=\"attachment-medium size-medium wp-image-1921\" alt=\"\" srcset=\"https:\/\/ipsf.uek.krakow.pl\/ksp\/wp-content\/uploads\/sites\/4\/2023\/06\/SPa-300x108.jpg 300w, https:\/\/ipsf.uek.krakow.pl\/ksp\/wp-content\/uploads\/sites\/4\/2023\/06\/SPa-1024x370.jpg 1024w, https:\/\/ipsf.uek.krakow.pl\/ksp\/wp-content\/uploads\/sites\/4\/2023\/06\/SPa-768x278.jpg 768w, https:\/\/ipsf.uek.krakow.pl\/ksp\/wp-content\/uploads\/sites\/4\/2023\/06\/SPa-1140x412.jpg 1140w, https:\/\/ipsf.uek.krakow.pl\/ksp\/wp-content\/uploads\/sites\/4\/2023\/06\/SPa.jpg 1267w\" sizes=\"(max-width: 300px) 100vw, 300px\" \/>\t\t\t\t\t\t\t\t\t\t\t\t\t\t\t<\/div>\n\t\t\t\t<\/div>\n\t\t\t\t\t<\/div>\n\t\t<\/div>\n\t\t\t\t\t<\/div>\n\t\t<\/section>\n\t\t\t\t<\/div>\n\t\t","protected":false},"excerpt":{"rendered":"<p>Katedra Studi\u00f3w politycznych&nbsp; \/*! elementor &#8211; v3.13.3 &#8211; 28-05-2023 *\/ .elementor-widget-divider{&#8211;divider-border-style:none;&#8211;divider-border-width:1px;&#8211;divider-color:#0c0d0e;&#8211;divider-icon-size:20px;&#8211;divider-element-spacing:10px;&#8211;divider-pattern-height:24px;&#8211;divider-pattern-size:20px;&#8211;divider-pattern-url:none;&#8211;divider-pattern-repeat:repeat-x}.elementor-widget-divider .elementor-divider{display:flex}.elementor-widget-divider .elementor-divider__text{font-size:15px;line-height:1;max-width:95%}.elementor-widget-divider .elementor-divider__element{margin:0 var(&#8211;divider-element-spacing);flex-shrink:0}.elementor-widget-divider .elementor-icon{font-size:var(&#8211;divider-icon-size)}.elementor-widget-divider .elementor-divider-separator{display:flex;margin:0;direction:ltr}.elementor-widget-divider&#8211;view-line_icon .elementor-divider-separator,.elementor-widget-divider&#8211;view-line_text .elementor-divider-separator{align-items:center}.elementor-widget-divider&#8211;view-line_icon .elementor-divider-separator:after,.elementor-widget-divider&#8211;view-line_icon .elementor-divider-separator:before,.elementor-widget-divider&#8211;view-line_text .elementor-divider-separator:after,.elementor-widget-divider&#8211;view-line_text .elementor-divider-separator:before{display:block;content:&#8221;&#8221;;border-bottom:0;flex-grow:1;border-top:var(&#8211;divider-border-width) var(&#8211;divider-border-style) var(&#8211;divider-color)}.elementor-widget-divider&#8211;element-align-left .elementor-divider .elementor-divider-separator&gt;.elementor-divider__svg:first-of-type{flex-grow:0;flex-shrink:100}.elementor-widget-divider&#8211;element-align-left .elementor-divider-separator:before{content:none}.elementor-widget-divider&#8211;element-align-left .elementor-divider__element{margin-left:0}.elementor-widget-divider&#8211;element-align-right .elementor-divider .elementor-divider-separator&gt;.elementor-divider__svg:last-of-type{flex-grow:0;flex-shrink:100}.elementor-widget-divider&#8211;element-align-right .elementor-divider-separator:after{content:none}.elementor-widget-divider&#8211;element-align-right .elementor-divider__element{margin-right:0}.elementor-widget-divider:not(.elementor-widget-divider&#8211;view-line_text):not(.elementor-widget-divider&#8211;view-line_icon) .elementor-divider-separator{border-top:var(&#8211;divider-border-width) var(&#8211;divider-border-style) var(&#8211;divider-color)}.elementor-widget-divider&#8211;separator-type-pattern{&#8211;divider-border-style:none}.elementor-widget-divider&#8211;separator-type-pattern.elementor-widget-divider&#8211;view-line .elementor-divider-separator,.elementor-widget-divider&#8211;separator-type-pattern:not(.elementor-widget-divider&#8211;view-line) .elementor-divider-separator:after,.elementor-widget-divider&#8211;separator-type-pattern:not(.elementor-widget-divider&#8211;view-line) .elementor-divider-separator:before,.elementor-widget-divider&#8211;separator-type-pattern:not([class*=elementor-widget-divider&#8211;view]) .elementor-divider-separator{width:100%;min-height:var(&#8211;divider-pattern-height);-webkit-mask-size:var(&#8211;divider-pattern-size) 100%;mask-size:var(&#8211;divider-pattern-size) 100%;-webkit-mask-repeat:var(&#8211;divider-pattern-repeat);mask-repeat:var(&#8211;divider-pattern-repeat);background-color:var(&#8211;divider-color);-webkit-mask-image:var(&#8211;divider-pattern-url);mask-image:var(&#8211;divider-pattern-url)}.elementor-widget-divider&#8211;no-spacing{&#8211;divider-pattern-size:auto}.elementor-widget-divider&#8211;bg-round{&#8211;divider-pattern-repeat:round}.rtl .elementor-widget-divider .elementor-divider__text{direction:rtl}.e-con-inner&gt;.elementor-widget-divider,.e-con&gt;.elementor-widget-divider{width:var(&#8211;container-widget-width,100%);&#8211;flex-grow:var(&#8211;container-widget-flex-grow)} Katedra Studi\u00f3w Politycznych UEK ma bardzo bogat\u0105, 50-letni\u0105 tradycj\u0119. Stanowi ona dzi\u015b samodzieln\u0105 jednostk\u0119 naukowo-dydaktyczn\u0105 Uniwersytetu Ekonomicznego w Krakowie umiejscowion\u0105 w strukturze Kolegium Gospodarki i Administracji Publicznej. Cho\u0107 przedmioty zwi\u0105zane z nauk\u0105 o polityce wyk\u0142adano w \u00f3wczesnym Wy\u017cszym Studium Handlowym (a od 1938 roku \u2013 w Akademii Handlowej) ju\u017c w okresie Dwudziestolecia Mi\u0119dzywojennego, na rozw\u00f3j jednostki naukowo-dydaktycznej zajmuj\u0105cej si\u0119 t\u0105 problematyk\u0105 trzeba by\u0142o jeszcze wiele lat zaczeka\u0107. Geneza dzisiejszej Katedry Nauk Politycznych si\u0119ga ko\u0144ca lat 60-tych XX w., kiedy to w 1969 r. w ramach reorganizacji szkolnictwa wy\u017cszego powo\u0142ano w Wy\u017cszej Szkole Ekonomicznej w Krakowie Mi\u0119dzywydzia\u0142owe Studium Nauk Politycznych. Wskutek r\u00f3\u017cnego rodzaju przekszta\u0142ce\u0144 strukturalnych i organizacyjnych w ramach uczelni, a tak\u017ce zmian koncepcji usytuowania dydaktyki nauk politycznych w planach studi\u00f3w ekonomicznych, nazwa i status jednostki kilkakrotnie ulega\u0142y zmianom. W latach 1969-1978 by\u0142o to Mi\u0119dzywydzia\u0142owe Studium Nauk Politycznych, nast\u0119pnie Katedra Nauk Politycznych (1978-1983), Studium Nauk Politycznych (1983-1992) oraz Samodzielny Zak\u0142ad Nauk Politycznych (1992-1994). Od 1994 r. do 2019 r. nieprzerwanie funkcjonowa\u0142a jako Katedra Nauk Politycznych, natomiast od 1 pa\u017adziernika 2019 r. zmieni\u0142a nazw\u0119 na Katedra Studi\u00f3w Politycznych. Patrz\u0105c na te kilkadziesi\u0105t lat historii Katedry warto podkre\u015bli\u0107, i\u017c kierowa\u0142y ni\u0105 tak znakomite postacie polskiej nauki jak doc. dr Jerzy Szafruga (w latach 1969-1972), prof. zw. dr hab. Erhard Cziomer (1972-1983), prof. nadzw. AE dr hab. Jerzy Indraszkiewicz (1983-1996), profesor nadzw. AE dr hab. Kazimierz Urban (1996-2006), prof. dr hab. Jerzy Korna\u015b (2006-2019) oraz prof. UEK dr hab. Robert Jakimowicz (od 1 X 2019). W\u015br\u00f3d jej pracownik\u00f3w znale\u017ali si\u0119 na przestrzeni tych lat liczni historycy, socjologowie, prawnicy, czy ekonomi\u015bci, by wspomnie\u0107 cho\u0107by prof. zw. dra hab. Jerzego Hausnera \u2013 dzi\u015b Kierownika Katedry Gospodarki i Administracji Publicznej UEK. Od pocz\u0105tku dzia\u0142alno\u015bci Katedry Nauk Politycznych dwunastu jej pracownik\u00f3w uzyska\u0142o tytu\u0142 naukowy doktora, siedmiu \u2013 doktora habilitowanego, i r\u00f3wnie\u017c sze\u015bciu \u2013 profesora nadzwyczajnego. Spectrum temat\u00f3w podejmowanych przez pracownik\u00f3w w ramach bada\u0144 naukowych by\u0142o zawsze bardzo szerokie \u2013 od spraw mi\u0119dzynarodowych pocz\u0105wszy, poprzez zagadnienia zwi\u0105zane z problematyk\u0105 socjologiczn\u0105, wyznaniow\u0105 i religijn\u0105 oraz my\u015bl\u0105 polityczn\u0105, na kwestiach dotycz\u0105cych przekszta\u0142ce\u0144 ustrojowych w Polsce i innych krajach postsocjalistycznych i relacji mi\u0119dzy polityk\u0105 a gospodark\u0105 sko\u0144czywszy. Specjalizacja badawcza poszczeg\u00f3lnych pracownik\u00f3w zwi\u0105zana by\u0142a przewa\u017cnie z podejmowan\u0105 przez nich tematyk\u0105 rozpraw doktorskich czy habilitacyjnych. W\u015br\u00f3d instytucji, b\u0105d\u017a o\u015brodk\u00f3w naukowych, z kt\u00f3rymi zawi\u0105zywano w ramach Katedry wsp\u00f3\u0142prac\u0119 wymieni\u0107 mo\u017cna mi\u0119dzy innymi Polski Instytut Spraw Mi\u0119dzynarodowych, Polskie Towarzystwo Ekonomiczne, Polskie Towarzystwo Religioznawcze, Polskie Towarzystwo Nauk Politycznych, czy Fundacj\u0119 im. Friedricha Eberta. \/*! elementor &#8211; v3.13.3 &#8211; 28-05-2023 *\/ .elementor-widget-image{text-align:center}.elementor-widget-image a{display:inline-block}.elementor-widget-image a img[src$=&#8221;.svg&#8221;]{width:48px}.elementor-widget-image img{vertical-align:middle;display:inline-block}<\/p>\n","protected":false},"author":2,"featured_media":0,"parent":0,"menu_order":0,"comment_status":"closed","ping_status":"closed","template":"elementor_header_footer","meta":{"footnotes":""},"class_list":["post-88","page","type-page","status-publish","hentry"],"_links":{"self":[{"href":"https:\/\/ipsf.uek.krakow.pl\/ksp\/wp-json\/wp\/v2\/pages\/88","targetHints":{"allow":["GET"]}}],"collection":[{"href":"https:\/\/ipsf.uek.krakow.pl\/ksp\/wp-json\/wp\/v2\/pages"}],"about":[{"href":"https:\/\/ipsf.uek.krakow.pl\/ksp\/wp-json\/wp\/v2\/types\/page"}],"author":[{"embeddable":true,"href":"https:\/\/ipsf.uek.krakow.pl\/ksp\/wp-json\/wp\/v2\/users\/2"}],"replies":[{"embeddable":true,"href":"https:\/\/ipsf.uek.krakow.pl\/ksp\/wp-json\/wp\/v2\/comments?post=88"}],"version-history":[{"count":7,"href":"https:\/\/ipsf.uek.krakow.pl\/ksp\/wp-json\/wp\/v2\/pages\/88\/revisions"}],"predecessor-version":[{"id":1997,"href":"https:\/\/ipsf.uek.krakow.pl\/ksp\/wp-json\/wp\/v2\/pages\/88\/revisions\/1997"}],"wp:attachment":[{"href":"https:\/\/ipsf.uek.krakow.pl\/ksp\/wp-json\/wp\/v2\/media?parent=88"}],"curies":[{"name":"wp","href":"https:\/\/api.w.org\/{rel}","templated":true}]}}