{"id":1816,"date":"2023-05-19T09:06:05","date_gmt":"2023-05-19T07:06:05","guid":{"rendered":"https:\/\/ipsf.uek.krakow.pl\/ks\/?page_id=1816"},"modified":"2023-11-30T13:21:48","modified_gmt":"2023-11-30T12:21:48","slug":"projekty","status":"publish","type":"page","link":"https:\/\/ipsf.uek.krakow.pl\/ks\/projekty\/","title":{"rendered":"Projekty"},"content":{"rendered":"\t\t<div data-elementor-type=\"wp-page\" data-elementor-id=\"1816\" class=\"elementor elementor-1816\" data-elementor-post-type=\"page\">\n\t\t\t\t\t\t<section data-particle_enable=\"false\" data-particle-mobile-disabled=\"false\" class=\"elementor-section elementor-top-section elementor-element elementor-element-d0396a9 elementor-section-boxed elementor-section-height-default elementor-section-height-default\" data-id=\"d0396a9\" data-element_type=\"section\" data-settings=\"{&quot;jet_parallax_layout_list&quot;:[]}\">\n\t\t\t\t\t\t<div class=\"elementor-container elementor-column-gap-default\">\n\t\t\t\t\t<div class=\"elementor-column elementor-col-100 elementor-top-column elementor-element elementor-element-6e95354\" data-id=\"6e95354\" data-element_type=\"column\">\n\t\t\t<div class=\"elementor-widget-wrap elementor-element-populated\">\n\t\t\t\t\t\t<div class=\"elementor-element elementor-element-5bb8aa9 elementor-widget elementor-widget-heading\" data-id=\"5bb8aa9\" data-element_type=\"widget\" data-widget_type=\"heading.default\">\n\t\t\t\t<div class=\"elementor-widget-container\">\n\t\t\t\t\t<h2 class=\"elementor-heading-title elementor-size-default\">PROJEKTY BADAWCZE<\/h2>\t\t\t\t<\/div>\n\t\t\t\t<\/div>\n\t\t\t\t\t<\/div>\n\t\t<\/div>\n\t\t\t\t\t<\/div>\n\t\t<\/section>\n\t\t\t\t<section data-particle_enable=\"false\" data-particle-mobile-disabled=\"false\" class=\"elementor-section elementor-top-section elementor-element elementor-element-532f1f2 elementor-section-boxed elementor-section-height-default elementor-section-height-default\" data-id=\"532f1f2\" data-element_type=\"section\" data-settings=\"{&quot;jet_parallax_layout_list&quot;:[]}\">\n\t\t\t\t\t\t<div class=\"elementor-container elementor-column-gap-default\">\n\t\t\t\t\t<div class=\"elementor-column elementor-col-100 elementor-top-column elementor-element elementor-element-590368b\" data-id=\"590368b\" data-element_type=\"column\">\n\t\t\t<div class=\"elementor-widget-wrap elementor-element-populated\">\n\t\t\t\t\t\t<div class=\"elementor-element elementor-element-b8271e3 elementor-widget elementor-widget-text-editor\" data-id=\"b8271e3\" data-element_type=\"widget\" data-widget_type=\"text-editor.default\">\n\t\t\t\t<div class=\"elementor-widget-container\">\n\t\t\t\t\t\t\t\t\t<ul><li>2021-2022 moderator modu\u0142u Investigating Flourishing in Caregivers of Older Adults w ramach projektu badawczego Positive Aspects of Caregiving Team (PACT), finansowanego ze \u015brodk\u00f3w Narodowej Agencji Wymiany Akademickiej NAWA oraz ILC \u2013 Global Allience. Cz\u0142onkami ILC Global Alliance, kt\u00f3rzy s\u0105 zaanga\u017cowani w ten projekt s\u0105 przedstawiciele uczelni, organizacji pozarz\u0105dowych, zawod\u00f3w pomocowych, polityk\u00f3w spo\u0142ecznych z nast\u0119puj\u0105cych kraj\u00f3w: Australia, Brazylia, Kanada, Czechy, Francja, Indie, Izrael,<br \/>Holandia, Singapur, RPA, USA i Wielka Brytania. Bud\u017cet 350 000 PLN. Okres realizacji 02.2021 \u2013 03.2022 \u2013 <strong>dr hab. Maria \u0141uszczy\u0144ska, prof. UEK<\/strong><\/li><li>2018-2022 kierownik projektu Global Ageing Research Partnership (Partnerstwo na rzecz bada\u0144 nad globalnym starzeniem si\u0119) w ramach programu Akademickie Partnerstwa Mi\u0119dzynarodowe z funduszy Narodowej Agencji Wymiany Akademickiej (NAWA) w partnerstwie z Uniwersytetami z Kanady, Hong Kongu, Austrii i Francji, nr umowy PPI\/AMP\/2018\/1\/00014\/U\/001 z dnia 1.12.20218.<br \/>Bud\u017cet projektu wynosi 1 440 000 z\u0142. Projekt trwa od 1.12.2018 roku i ze wzgl\u0119du na sytuacj\u0119 pandemiczn\u0105 zosta\u0142 przed\u0142u\u017cony do 30.06.2022.\u2013 <strong>dr hab. Maria \u0141uszczy\u0144ska, prof. UEK<\/strong><\/li><li>Wykaz g\u0142\u00f3wnych projekt\u00f3w: Dr Anna Urbaniak (Pawlina)Pa\u017adziernik 202310.2023-09.2027 Prowadzenie COST Action 22167 PAAR-net dotycz\u0105cej podej\u015b\u0107partycypacyjnych z osobami starszymi.PAAR-net COST Action stawia sobie za cel rozwijanie integracyjnych podej\u015b\u0107 partycypacyjnych z osobami starszymi, integruj\u0105c r\u00f3\u017cne dyscypliny i metodologie, aby nap\u0119dza\u0107 innowacje spo\u0142eczne w badaniach, polityce i praktyce na rzecz r\u00f3\u017cnorodno\u015bci i sprawiedliwo\u015bci w starzej\u0105cych si\u0119 spo\u0142ecze\u0144stwach.\u25aaJako Inicjatorka i Przewodnicz\u0105ca Akcji sprawuj\u0119 nadz\u00f3r nad koordynacj\u0105 dzia\u0142a\u0144 i wdra\u017caniem Akcjihttps:\/\/www.cost.eu\/actions\/CA22167 &#8211; <strong>dr Anna Urbaniak<\/strong><\/li><li>11.2022 \u201306.2023 Wsparcie Projektu Stres I Wykluczenie Spo\u0142eczne Opiekun\u00f3w NieformalnychOs\u00f3b \u017byj\u0105cych Z Demencj\u0105 W Pocz\u0105tkowej Fazie Pe\u0142nienia Opieki (SIWSON). G\u0142\u00f3wnym celem projektujest ocena wp\u0142ywu pocz\u0105tkowej fazy sprawowania opieki nad osob\u0105 \u017cyj\u0105c\u0105 z demencj\u0105 na wyst\u0105pienie stresu i wykluczenia spo\u0142ecznego u opiekun\u00f3w rodzinnych.Projekt finansowany w ramach Programu Strategicznego Inicjatywa Doskona\u0142o\u015bci w Uniwersytecie Jagiello\u0144skim (68.000 z\u0142, 30 miesi\u0119cy)ma nast\u0119puj\u0105ce cele szczeg\u00f3\u0142owe:(1) Ocena wp\u0142ywu sprawowania opieki na wyst\u0119powanie stresu u opiekun\u00f3w rodzinnych os\u00f3b \u017cyj\u0105cych z demencj\u0105; (2) Ocena wp\u0142ywu sprawowania opieki na ryzyko wykluczenia spo\u0142ecznego w\u015br\u00f3d opiekun\u00f3w rodzinnych os\u00f3b \u017cyj\u0105cych z demencj\u0105; (3) Ocena relacji pomi\u0119dzy stresem i wykluczeniem w wyniku sprawowania opieki przez opiekuna a jego stanem zdrowia i zale\u017cn\u0105 od zdrowia jako\u015bci\u0105 \u017cycia https:\/\/ceapp.uj.edu.pl\/o-projekcie2 &#8211; <strong>dr Anna Urbaniak<\/strong><\/li><li>Kierunki transformacji muze\u00f3w sztuki a oczekiwania millenials\u00f3w i postmillenials\u00f3w (2023-nadal), badania w\u0142asne realizowane w zespole <strong>Przemys\u0142aw Kisiel<\/strong> (Uniwersytet Ekonomiczny), R.Geisler (Uniwersytet Opolski), E. Grigar ( North Carolina State University, Prague Institute) oraz E. Nieroba (Uniwersytet Opolski), dotychczasowe wyniki projektu zosta\u0142y przedstawione w wyst\u0105pieniu konferencyjnym (\u0141\u00f3d\u017a 2023) oraz w artykule \u201eThe future of art museum. Reflections on a young audience\u201d (z\u0142o\u017cony do wydawnictwa).<\/li><li>Diagnoza kondycji wsp\u00f3\u0142czesnej rodziny poprzez pryzmat procesu orzekania niewa\u017cno\u015bci ma\u0142\u017ce\u0144stwa, (2018 \u2013 2023),\u00a0 <strong>Przemys\u0142aw Kisiel,<\/strong> P.Kroczek i P.Ulman w ramach grantu NCN (kierownik projektu: P.Kroczek), Nr DEC-2019\/33\/B\/HS1\/00625, projekt zako\u0144czony wyst\u0105pieniami konferencyjnymi w Warszawie (2022) i w Krakowie<br \/>(2022) oraz artyku\u0142ami: Examining the Family in the Light of Marriage Annulment as a New Research Perspective (2021), Pobudki wnoszenia o orzeczenie niewa\u017cno\u015bci ma\u0142\u017ce\u0144stwa (2022) oraz monografi\u0105 Diagnoza kondycji wsp\u00f3\u0142czesnej rodziny poprzez<br \/>pryzmat procesu orzekania niewa\u017cno\u015bci ma\u0142\u017ce\u0144stwa (2023).<\/li><li><em>Akademia Odpowiedzialnego Rozwoju<\/em> \u2013 projekt Erasmus+ realizowany przez Fundacj\u0119 GAP we wsp\u00f3\u0142pracy z partnerami z Holandii, Turcji i<br \/>W\u0142och 2023 &#8211; &#8230; &#8211; <b>Wojciech Kubica<\/b><\/li><li><em>COMORELP \u2013 Collaborative Monitoring of Regional Lifelong Learning Policies<\/em> projekt Erasmus+ realizowany przez Centrum Ewaluacji i Analiz<br \/>Polityk Publicznych UJ we wsp\u00f3\u0142pracy z partnerami z Belgii, Francji, Turcji, Wielkiej Brytanii i W\u0142och 2020-2023 &#8211; <strong>Wojciech Kubica<\/strong><\/li><li><em>Bilans Kapita\u0142u Ludzkiego<\/em> \u2013 projekt realizowany przez Polsk\u0105 Agencj\u0119 Rozwoju Przedsi\u0119biorczo\u015bci we wsp\u00f3\u0142pracy Centrum Ewaluacji i Analiz<br \/>Polityk Publicznych UJ 2021 <strong>&#8211; &#8230; &#8211; Wojciech Kubica<\/strong><\/li><\/ul>\t\t\t\t\t\t\t\t<\/div>\n\t\t\t\t<\/div>\n\t\t\t\t\t<\/div>\n\t\t<\/div>\n\t\t\t\t\t<\/div>\n\t\t<\/section>\n\t\t\t\t<\/div>\n\t\t","protected":false},"excerpt":{"rendered":"<p>\/*! elementor &#8211; v3.17.0 &#8211; 08-11-2023 *\/ .elementor-heading-title{padding:0;margin:0;line-height:1}.elementor-widget-heading .elementor-heading-title[class*=elementor-size-]&gt;a{color:inherit;font-size:inherit;line-height:inherit}.elementor-widget-heading .elementor-heading-title.elementor-size-small{font-size:15px}.elementor-widget-heading .elementor-heading-title.elementor-size-medium{font-size:19px}.elementor-widget-heading .elementor-heading-title.elementor-size-large{font-size:29px}.elementor-widget-heading .elementor-heading-title.elementor-size-xl{font-size:39px}.elementor-widget-heading .elementor-heading-title.elementor-size-xxl{font-size:59px} PROJEKTY BADAWCZE 2021-2022 moderator modu\u0142u Investigating Flourishing in Caregivers of Older Adults w ramach projektu badawczego Positive Aspects of Caregiving Team (PACT), finansowanego ze \u015brodk\u00f3w Narodowej Agencji Wymiany Akademickiej NAWA oraz ILC \u2013 Global Allience. Cz\u0142onkami ILC Global Alliance, kt\u00f3rzy s\u0105 zaanga\u017cowani w ten projekt s\u0105 przedstawiciele uczelni, organizacji pozarz\u0105dowych, zawod\u00f3w pomocowych, polityk\u00f3w spo\u0142ecznych z nast\u0119puj\u0105cych kraj\u00f3w: Australia, Brazylia, Kanada, Czechy, Francja, Indie, Izrael,Holandia, Singapur, RPA, USA i Wielka Brytania. Bud\u017cet 350 000 PLN. Okres realizacji 02.2021 \u2013 03.2022 \u2013 dr hab. Maria \u0141uszczy\u0144ska, prof. UEK 2018-2022 kierownik projektu Global Ageing Research Partnership (Partnerstwo na rzecz bada\u0144 nad globalnym starzeniem si\u0119) w ramach programu Akademickie Partnerstwa Mi\u0119dzynarodowe z funduszy Narodowej Agencji Wymiany Akademickiej (NAWA) w partnerstwie z Uniwersytetami z Kanady, Hong Kongu, Austrii i Francji, nr umowy PPI\/AMP\/2018\/1\/00014\/U\/001 z dnia 1.12.20218.Bud\u017cet projektu wynosi 1 440 000 z\u0142. Projekt trwa od 1.12.2018 roku i ze wzgl\u0119du na sytuacj\u0119 pandemiczn\u0105 zosta\u0142 przed\u0142u\u017cony do 30.06.2022.\u2013 dr hab. Maria \u0141uszczy\u0144ska, prof. UEK Wykaz g\u0142\u00f3wnych projekt\u00f3w: Dr Anna Urbaniak (Pawlina)Pa\u017adziernik 202310.2023-09.2027 Prowadzenie COST Action 22167 PAAR-net dotycz\u0105cej podej\u015b\u0107partycypacyjnych z osobami starszymi.PAAR-net COST Action stawia sobie za cel rozwijanie integracyjnych podej\u015b\u0107 partycypacyjnych z osobami starszymi, integruj\u0105c r\u00f3\u017cne dyscypliny i metodologie, aby nap\u0119dza\u0107 innowacje spo\u0142eczne w badaniach, polityce i praktyce na rzecz r\u00f3\u017cnorodno\u015bci i sprawiedliwo\u015bci w starzej\u0105cych si\u0119 spo\u0142ecze\u0144stwach.\u25aaJako Inicjatorka i Przewodnicz\u0105ca Akcji sprawuj\u0119 nadz\u00f3r nad koordynacj\u0105 dzia\u0142a\u0144 i wdra\u017caniem Akcjihttps:\/\/www.cost.eu\/actions\/CA22167 &#8211; dr Anna Urbaniak 11.2022 \u201306.2023 Wsparcie Projektu Stres I Wykluczenie Spo\u0142eczne Opiekun\u00f3w NieformalnychOs\u00f3b \u017byj\u0105cych Z Demencj\u0105 W Pocz\u0105tkowej Fazie Pe\u0142nienia Opieki (SIWSON). G\u0142\u00f3wnym celem projektujest ocena wp\u0142ywu pocz\u0105tkowej fazy sprawowania opieki nad osob\u0105 \u017cyj\u0105c\u0105 z demencj\u0105 na wyst\u0105pienie stresu i wykluczenia spo\u0142ecznego u opiekun\u00f3w rodzinnych.Projekt finansowany w ramach Programu Strategicznego Inicjatywa Doskona\u0142o\u015bci w Uniwersytecie Jagiello\u0144skim (68.000 z\u0142, 30 miesi\u0119cy)ma nast\u0119puj\u0105ce cele szczeg\u00f3\u0142owe:(1) Ocena wp\u0142ywu sprawowania opieki na wyst\u0119powanie stresu u opiekun\u00f3w rodzinnych os\u00f3b \u017cyj\u0105cych z demencj\u0105; (2) Ocena wp\u0142ywu sprawowania opieki na ryzyko wykluczenia spo\u0142ecznego w\u015br\u00f3d opiekun\u00f3w rodzinnych os\u00f3b \u017cyj\u0105cych z demencj\u0105; (3) Ocena relacji pomi\u0119dzy stresem i wykluczeniem w wyniku sprawowania opieki przez opiekuna a jego stanem zdrowia i zale\u017cn\u0105 od zdrowia jako\u015bci\u0105 \u017cycia https:\/\/ceapp.uj.edu.pl\/o-projekcie2 &#8211; dr Anna Urbaniak Kierunki transformacji muze\u00f3w sztuki a oczekiwania millenials\u00f3w i postmillenials\u00f3w (2023-nadal), badania w\u0142asne realizowane w zespole Przemys\u0142aw Kisiel (Uniwersytet Ekonomiczny), R.Geisler (Uniwersytet Opolski), E. Grigar ( North Carolina State University, Prague Institute) oraz E. Nieroba (Uniwersytet Opolski), dotychczasowe wyniki projektu zosta\u0142y przedstawione w wyst\u0105pieniu konferencyjnym (\u0141\u00f3d\u017a 2023) oraz w artykule \u201eThe future of art museum. Reflections on a young audience\u201d (z\u0142o\u017cony do wydawnictwa). Diagnoza kondycji wsp\u00f3\u0142czesnej rodziny poprzez pryzmat procesu orzekania niewa\u017cno\u015bci ma\u0142\u017ce\u0144stwa, (2018 \u2013 2023),\u00a0 Przemys\u0142aw Kisiel, P.Kroczek i P.Ulman w ramach grantu NCN (kierownik projektu: P.Kroczek), Nr DEC-2019\/33\/B\/HS1\/00625, projekt zako\u0144czony wyst\u0105pieniami konferencyjnymi w Warszawie (2022) i w Krakowie(2022) oraz artyku\u0142ami: Examining the Family in the Light of Marriage Annulment as a New Research Perspective (2021), Pobudki wnoszenia o orzeczenie niewa\u017cno\u015bci ma\u0142\u017ce\u0144stwa (2022) oraz monografi\u0105 Diagnoza kondycji wsp\u00f3\u0142czesnej rodziny poprzezpryzmat procesu orzekania niewa\u017cno\u015bci ma\u0142\u017ce\u0144stwa (2023). Akademia Odpowiedzialnego Rozwoju \u2013 projekt Erasmus+ realizowany przez Fundacj\u0119 GAP we wsp\u00f3\u0142pracy z partnerami z Holandii, Turcji iW\u0142och 2023 &#8211; &#8230; &#8211; Wojciech Kubica COMORELP \u2013 Collaborative Monitoring of Regional Lifelong Learning Policies projekt Erasmus+ realizowany przez Centrum Ewaluacji i AnalizPolityk Publicznych UJ we wsp\u00f3\u0142pracy z partnerami z Belgii, Francji, Turcji, Wielkiej Brytanii i W\u0142och 2020-2023 &#8211; Wojciech Kubica Bilans Kapita\u0142u Ludzkiego \u2013 projekt realizowany przez Polsk\u0105 Agencj\u0119 Rozwoju Przedsi\u0119biorczo\u015bci we wsp\u00f3\u0142pracy Centrum Ewaluacji i AnalizPolityk Publicznych UJ 2021 &#8211; &#8230; &#8211; Wojciech Kubica<\/p>\n","protected":false},"author":2,"featured_media":0,"parent":0,"menu_order":0,"comment_status":"closed","ping_status":"closed","template":"elementor_header_footer","meta":{"footnotes":""},"class_list":["post-1816","page","type-page","status-publish","hentry"],"_links":{"self":[{"href":"https:\/\/ipsf.uek.krakow.pl\/ks\/wp-json\/wp\/v2\/pages\/1816","targetHints":{"allow":["GET"]}}],"collection":[{"href":"https:\/\/ipsf.uek.krakow.pl\/ks\/wp-json\/wp\/v2\/pages"}],"about":[{"href":"https:\/\/ipsf.uek.krakow.pl\/ks\/wp-json\/wp\/v2\/types\/page"}],"author":[{"embeddable":true,"href":"https:\/\/ipsf.uek.krakow.pl\/ks\/wp-json\/wp\/v2\/users\/2"}],"replies":[{"embeddable":true,"href":"https:\/\/ipsf.uek.krakow.pl\/ks\/wp-json\/wp\/v2\/comments?post=1816"}],"version-history":[{"count":46,"href":"https:\/\/ipsf.uek.krakow.pl\/ks\/wp-json\/wp\/v2\/pages\/1816\/revisions"}],"predecessor-version":[{"id":2519,"href":"https:\/\/ipsf.uek.krakow.pl\/ks\/wp-json\/wp\/v2\/pages\/1816\/revisions\/2519"}],"wp:attachment":[{"href":"https:\/\/ipsf.uek.krakow.pl\/ks\/wp-json\/wp\/v2\/media?parent=1816"}],"curies":[{"name":"wp","href":"https:\/\/api.w.org\/{rel}","templated":true}]}}