{"id":212,"date":"2023-02-19T10:20:18","date_gmt":"2023-02-19T09:20:18","guid":{"rendered":"https:\/\/ie.uek.krakow.pl\/ke\/?page_id=212"},"modified":"2023-11-13T09:36:10","modified_gmt":"2023-11-13T08:36:10","slug":"partnerzy","status":"publish","type":"page","link":"https:\/\/ipsf.uek.krakow.pl\/kf\/partnerzy\/","title":{"rendered":"Partnerzy"},"content":{"rendered":"\t\t<div data-elementor-type=\"wp-page\" data-elementor-id=\"212\" class=\"elementor elementor-212\" data-elementor-post-type=\"page\">\n\t\t\t\t\t\t<section data-particle_enable=\"false\" data-particle-mobile-disabled=\"false\" class=\"elementor-section elementor-top-section elementor-element elementor-element-22080c8 elementor-section-boxed elementor-section-height-default elementor-section-height-default\" data-id=\"22080c8\" data-element_type=\"section\" data-settings=\"{&quot;jet_parallax_layout_list&quot;:[]}\">\n\t\t\t\t\t\t<div class=\"elementor-container elementor-column-gap-default\">\n\t\t\t\t\t<div class=\"elementor-column elementor-col-33 elementor-top-column elementor-element elementor-element-c20decf\" data-id=\"c20decf\" data-element_type=\"column\">\n\t\t\t<div class=\"elementor-widget-wrap elementor-element-populated\">\n\t\t\t\t\t\t<div class=\"elementor-element elementor-element-9764738 elementor-widget elementor-widget-image\" data-id=\"9764738\" data-element_type=\"widget\" data-widget_type=\"image.default\">\n\t\t\t\t<div class=\"elementor-widget-container\">\n\t\t\t\t\t\t\t\t\t\t\t\t\t\t\t<img fetchpriority=\"high\" decoding=\"async\" width=\"804\" height=\"384\" src=\"https:\/\/ipsf.uek.krakow.pl\/kf\/wp-content\/uploads\/sites\/2\/2023\/11\/PSFE.jpg\" class=\"attachment-full size-full wp-image-1775\" alt=\"\" srcset=\"https:\/\/ipsf.uek.krakow.pl\/kf\/wp-content\/uploads\/sites\/2\/2023\/11\/PSFE.jpg 804w, https:\/\/ipsf.uek.krakow.pl\/kf\/wp-content\/uploads\/sites\/2\/2023\/11\/PSFE-300x143.jpg 300w, https:\/\/ipsf.uek.krakow.pl\/kf\/wp-content\/uploads\/sites\/2\/2023\/11\/PSFE-768x367.jpg 768w\" sizes=\"(max-width: 804px) 100vw, 804px\" \/>\t\t\t\t\t\t\t\t\t\t\t\t\t\t\t<\/div>\n\t\t\t\t<\/div>\n\t\t\t\t\t<\/div>\n\t\t<\/div>\n\t\t\t\t<div class=\"elementor-column elementor-col-66 elementor-top-column elementor-element elementor-element-101f182\" data-id=\"101f182\" data-element_type=\"column\">\n\t\t\t<div class=\"elementor-widget-wrap elementor-element-populated\">\n\t\t\t\t\t\t<div class=\"elementor-element elementor-element-8723dd5 elementor-widget elementor-widget-heading\" data-id=\"8723dd5\" data-element_type=\"widget\" data-widget_type=\"heading.default\">\n\t\t\t\t<div class=\"elementor-widget-container\">\n\t\t\t\t\t<h2 class=\"elementor-heading-title elementor-size-default\">Polska Sie\u0107 Filozofii Ekonomii<\/h2>\t\t\t\t<\/div>\n\t\t\t\t<\/div>\n\t\t\t\t<div class=\"elementor-element elementor-element-ff81b7c elementor-widget elementor-widget-text-editor\" data-id=\"ff81b7c\" data-element_type=\"widget\" data-widget_type=\"text-editor.default\">\n\t\t\t\t<div class=\"elementor-widget-container\">\n\t\t\t\t\t\t\t\t\t<p>Polska ma d\u0142ug\u0105 tradycj\u0119 zar\u00f3wno w zakresie ekonomii, jak i filozofii, w tym filozofii nauki, reprezentowan\u0105 przez wybitnych uczonych, jak Oskar Lange i Leszek Nowak &#8211; obaj zajmowali si\u0119 kwestiami filozoficznymi w ekonomii. Jest rzecz\u0105 naturaln\u0105, \u017ce nowe generacje polskich uczonych do\u0142\u0105czaj\u0105 obecnie do rosn\u0105cego mi\u0119dzynarodowego nurtu bada\u0144 w zakresie filozofii ekonomii, wnosz\u0105c do niej sw\u00f3j wk\u0142ad (Uskali M\u00e4ki, &#8222;Metaekonomia&#8221;).<\/p>\t\t\t\t\t\t\t\t<\/div>\n\t\t\t\t<\/div>\n\t\t\t\t<div class=\"elementor-element elementor-element-30626b33 elementor-align-right elementor-button-info elementor-widget elementor-widget-button\" data-id=\"30626b33\" data-element_type=\"widget\" data-widget_type=\"button.default\">\n\t\t\t\t<div class=\"elementor-widget-container\">\n\t\t\t\t\t\t\t\t\t<div class=\"elementor-button-wrapper\">\n\t\t\t\t\t<a class=\"elementor-button elementor-button-link elementor-size-sm\" href=\"https:\/\/www.filozofia-ekonomii.pl\/\" target=\"_blank\">\n\t\t\t\t\t\t<span class=\"elementor-button-content-wrapper\">\n\t\t\t\t\t\t<span class=\"elementor-button-icon\">\n\t\t\t\t\t\t\t<\/span>\n\t\t\t\t\t\t\t\t\t<span class=\"elementor-button-text\">strona partnera<\/span>\n\t\t\t\t\t<\/span>\n\t\t\t\t\t<\/a>\n\t\t\t\t<\/div>\n\t\t\t\t\t\t\t\t<\/div>\n\t\t\t\t<\/div>\n\t\t\t\t\t<\/div>\n\t\t<\/div>\n\t\t\t\t\t<\/div>\n\t\t<\/section>\n\t\t\t\t<section data-particle_enable=\"false\" data-particle-mobile-disabled=\"false\" class=\"elementor-section elementor-top-section elementor-element elementor-element-5bd16a8 elementor-section-boxed elementor-section-height-default elementor-section-height-default\" data-id=\"5bd16a8\" data-element_type=\"section\" data-settings=\"{&quot;jet_parallax_layout_list&quot;:[],&quot;background_background&quot;:&quot;classic&quot;,&quot;shape_divider_top&quot;:&quot;arrow&quot;,&quot;shape_divider_bottom&quot;:&quot;arrow&quot;,&quot;shape_divider_bottom_negative&quot;:&quot;yes&quot;}\">\n\t\t\t\t\t<div class=\"elementor-shape elementor-shape-top\" data-negative=\"false\">\n\t\t\t<svg xmlns=\"http:\/\/www.w3.org\/2000\/svg\" viewBox=\"0 0 700 10\" preserveAspectRatio=\"none\">\n\t<path class=\"elementor-shape-fill\" d=\"M350,10L340,0h20L350,10z\"\/>\n<\/svg>\t\t<\/div>\n\t\t\t\t<div class=\"elementor-shape elementor-shape-bottom\" data-negative=\"true\">\n\t\t\t<svg xmlns=\"http:\/\/www.w3.org\/2000\/svg\" viewBox=\"0 0 700 10\" preserveAspectRatio=\"none\">\n\t<path class=\"elementor-shape-fill\" d=\"M360 0L350 9.9 340 0 0 0 0 10 700 10 700 0\"\/>\n<\/svg>\t\t<\/div>\n\t\t\t\t\t<div class=\"elementor-container elementor-column-gap-default\">\n\t\t\t\t\t<div class=\"elementor-column elementor-col-33 elementor-top-column elementor-element elementor-element-a10c985\" data-id=\"a10c985\" data-element_type=\"column\">\n\t\t\t<div class=\"elementor-widget-wrap elementor-element-populated\">\n\t\t\t\t\t\t<div class=\"elementor-element elementor-element-8235ad7 elementor-widget elementor-widget-image\" data-id=\"8235ad7\" data-element_type=\"widget\" data-widget_type=\"image.default\">\n\t\t\t\t<div class=\"elementor-widget-container\">\n\t\t\t\t\t\t\t\t\t\t\t\t\t\t\t\t<a href=\"https:\/\/www.polskietowarzystwoetyczne.pl\/\">\n\t\t\t\t\t\t\t<img decoding=\"async\" width=\"818\" height=\"709\" src=\"https:\/\/ipsf.uek.krakow.pl\/kf\/wp-content\/uploads\/sites\/2\/2023\/11\/PTE.jpg\" class=\"attachment-full size-full wp-image-1783\" alt=\"\" srcset=\"https:\/\/ipsf.uek.krakow.pl\/kf\/wp-content\/uploads\/sites\/2\/2023\/11\/PTE.jpg 818w, https:\/\/ipsf.uek.krakow.pl\/kf\/wp-content\/uploads\/sites\/2\/2023\/11\/PTE-300x260.jpg 300w, https:\/\/ipsf.uek.krakow.pl\/kf\/wp-content\/uploads\/sites\/2\/2023\/11\/PTE-768x666.jpg 768w\" sizes=\"(max-width: 818px) 100vw, 818px\" \/>\t\t\t\t\t\t\t\t<\/a>\n\t\t\t\t\t\t\t\t\t\t\t\t\t\t\t<\/div>\n\t\t\t\t<\/div>\n\t\t\t\t\t<\/div>\n\t\t<\/div>\n\t\t\t\t<div class=\"elementor-column elementor-col-66 elementor-top-column elementor-element elementor-element-b26b269\" data-id=\"b26b269\" data-element_type=\"column\">\n\t\t\t<div class=\"elementor-widget-wrap elementor-element-populated\">\n\t\t\t\t\t\t<div class=\"elementor-element elementor-element-6e89348 elementor-widget elementor-widget-heading\" data-id=\"6e89348\" data-element_type=\"widget\" data-widget_type=\"heading.default\">\n\t\t\t\t<div class=\"elementor-widget-container\">\n\t\t\t\t\t<h2 class=\"elementor-heading-title elementor-size-default\">Polskie Towarzystwo Etyczne<\/h2>\t\t\t\t<\/div>\n\t\t\t\t<\/div>\n\t\t\t\t<div class=\"elementor-element elementor-element-0bf2928 elementor-widget elementor-widget-text-editor\" data-id=\"0bf2928\" data-element_type=\"widget\" data-widget_type=\"text-editor.default\">\n\t\t\t\t<div class=\"elementor-widget-container\">\n\t\t\t\t\t\t\t\t\t<p>Cele Towarzystwa:<\/p>\n<ul>\n<li>upowszechnianie \u015bwiatowego dorobku etyki, w szczeg\u00f3lno\u015bci jego znaczenia dla \u0142agodzenia i rozwi\u0105zywania konflikt\u00f3w mi\u0119dzyludzkich i konflikt\u00f3w pomi\u0119dzy lud\u017ami a podmiotami pozaludzkimi,<\/li>\n<li>promowanie edukacji etycznej na ka\u017cdym poziomie kszta\u0142cenia,<\/li>\n<li>wspieranie krajowych bada\u0144 w zakresie etyki,<\/li>\n<li>uwra\u017cliwianie spo\u0142ecze\u0144stwa i kszta\u0142towanie etycznych postaw,<\/li>\n<li>rozwijanie i promocja etyki troski wobec os\u00f3b nara\u017conych na wykluczenie i niesprawiedliwo\u015b\u0107,<\/li>\n<li>ochrona zwierz\u0105t oraz promowanie koncepcji oraz postaw s\u0142u\u017c\u0105cych respektowaniu ich interes\u00f3w w prawodawstwie i w praktyce,<\/li>\n<li>monitorowanie bada\u0144 naukowych, szczeg\u00f3lnie biomedycznych pod k\u0105tem respektowania standard\u00f3w etycznych,<\/li>\n<li>integracja polskiego \u015brodowiska etyk\u00f3w wok\u00f3\u0142 bie\u017c\u0105cych problem\u00f3w,<\/li>\n<li>promowanie dorobku polskich etyk\u00f3w.<\/li><\/ul>\t\t\t\t\t\t\t\t<\/div>\n\t\t\t\t<\/div>\n\t\t\t\t<div class=\"elementor-element elementor-element-60fdb8c elementor-align-right elementor-button-info elementor-widget elementor-widget-button\" data-id=\"60fdb8c\" data-element_type=\"widget\" data-widget_type=\"button.default\">\n\t\t\t\t<div class=\"elementor-widget-container\">\n\t\t\t\t\t\t\t\t\t<div class=\"elementor-button-wrapper\">\n\t\t\t\t\t<a class=\"elementor-button elementor-button-link elementor-size-sm\" href=\"https:\/\/www.polskietowarzystwoetyczne.pl\/\" target=\"_blank\">\n\t\t\t\t\t\t<span class=\"elementor-button-content-wrapper\">\n\t\t\t\t\t\t<span class=\"elementor-button-icon\">\n\t\t\t\t\t\t\t<\/span>\n\t\t\t\t\t\t\t\t\t<span class=\"elementor-button-text\">strona partnera<\/span>\n\t\t\t\t\t<\/span>\n\t\t\t\t\t<\/a>\n\t\t\t\t<\/div>\n\t\t\t\t\t\t\t\t<\/div>\n\t\t\t\t<\/div>\n\t\t\t\t\t<\/div>\n\t\t<\/div>\n\t\t\t\t\t<\/div>\n\t\t<\/section>\n\t\t\t\t<\/div>\n\t\t","protected":false},"excerpt":{"rendered":"<p>\/*! elementor &#8211; v3.17.0 &#8211; 08-11-2023 *\/ .elementor-widget-image{text-align:center}.elementor-widget-image a{display:inline-block}.elementor-widget-image a img[src$=&#8221;.svg&#8221;]{width:48px}.elementor-widget-image img{vertical-align:middle;display:inline-block} \/*! elementor &#8211; v3.17.0 &#8211; 08-11-2023 *\/ .elementor-heading-title{padding:0;margin:0;line-height:1}.elementor-widget-heading .elementor-heading-title[class*=elementor-size-]&gt;a{color:inherit;font-size:inherit;line-height:inherit}.elementor-widget-heading .elementor-heading-title.elementor-size-small{font-size:15px}.elementor-widget-heading .elementor-heading-title.elementor-size-medium{font-size:19px}.elementor-widget-heading .elementor-heading-title.elementor-size-large{font-size:29px}.elementor-widget-heading .elementor-heading-title.elementor-size-xl{font-size:39px}.elementor-widget-heading .elementor-heading-title.elementor-size-xxl{font-size:59px} Polska Sie\u0107 Filozofii Ekonomii Polska ma d\u0142ug\u0105 tradycj\u0119 zar\u00f3wno w zakresie ekonomii, jak i filozofii, w tym filozofii nauki, reprezentowan\u0105 przez wybitnych uczonych, jak Oskar Lange i Leszek Nowak &#8211; obaj zajmowali si\u0119 kwestiami filozoficznymi w ekonomii. Jest rzecz\u0105 naturaln\u0105, \u017ce nowe generacje polskich uczonych do\u0142\u0105czaj\u0105 obecnie do rosn\u0105cego mi\u0119dzynarodowego nurtu bada\u0144 w zakresie filozofii ekonomii, wnosz\u0105c do niej sw\u00f3j wk\u0142ad (Uskali M\u00e4ki, &#8222;Metaekonomia&#8221;). strona partnera Polskie Towarzystwo Etyczne Cele Towarzystwa: upowszechnianie \u015bwiatowego dorobku etyki, w szczeg\u00f3lno\u015bci jego znaczenia dla \u0142agodzenia i rozwi\u0105zywania konflikt\u00f3w mi\u0119dzyludzkich i konflikt\u00f3w pomi\u0119dzy lud\u017ami a podmiotami pozaludzkimi, promowanie edukacji etycznej na ka\u017cdym poziomie kszta\u0142cenia, wspieranie krajowych bada\u0144 w zakresie etyki, uwra\u017cliwianie spo\u0142ecze\u0144stwa i kszta\u0142towanie etycznych postaw, rozwijanie i promocja etyki troski wobec os\u00f3b nara\u017conych na wykluczenie i niesprawiedliwo\u015b\u0107, ochrona zwierz\u0105t oraz promowanie koncepcji oraz postaw s\u0142u\u017c\u0105cych respektowaniu ich interes\u00f3w w prawodawstwie i w praktyce, monitorowanie bada\u0144 naukowych, szczeg\u00f3lnie biomedycznych pod k\u0105tem respektowania standard\u00f3w etycznych, integracja polskiego \u015brodowiska etyk\u00f3w wok\u00f3\u0142 bie\u017c\u0105cych problem\u00f3w, promowanie dorobku polskich etyk\u00f3w. strona partnera<\/p>\n","protected":false},"author":1,"featured_media":0,"parent":0,"menu_order":0,"comment_status":"closed","ping_status":"closed","template":"elementor_header_footer","meta":{"footnotes":""},"class_list":["post-212","page","type-page","status-publish","hentry"],"_links":{"self":[{"href":"https:\/\/ipsf.uek.krakow.pl\/kf\/wp-json\/wp\/v2\/pages\/212","targetHints":{"allow":["GET"]}}],"collection":[{"href":"https:\/\/ipsf.uek.krakow.pl\/kf\/wp-json\/wp\/v2\/pages"}],"about":[{"href":"https:\/\/ipsf.uek.krakow.pl\/kf\/wp-json\/wp\/v2\/types\/page"}],"author":[{"embeddable":true,"href":"https:\/\/ipsf.uek.krakow.pl\/kf\/wp-json\/wp\/v2\/users\/1"}],"replies":[{"embeddable":true,"href":"https:\/\/ipsf.uek.krakow.pl\/kf\/wp-json\/wp\/v2\/comments?post=212"}],"version-history":[{"count":26,"href":"https:\/\/ipsf.uek.krakow.pl\/kf\/wp-json\/wp\/v2\/pages\/212\/revisions"}],"predecessor-version":[{"id":1801,"href":"https:\/\/ipsf.uek.krakow.pl\/kf\/wp-json\/wp\/v2\/pages\/212\/revisions\/1801"}],"wp:attachment":[{"href":"https:\/\/ipsf.uek.krakow.pl\/kf\/wp-json\/wp\/v2\/media?parent=212"}],"curies":[{"name":"wp","href":"https:\/\/api.w.org\/{rel}","templated":true}]}}